{"id":1940,"date":"2025-10-18T22:19:46","date_gmt":"2025-10-18T20:19:46","guid":{"rendered":"https:\/\/steuerberater-laubengaier.de\/factura-electronica\/"},"modified":"2025-11-18T19:25:07","modified_gmt":"2025-11-18T18:25:07","slug":"factura-electronica","status":"publish","type":"page","link":"https:\/\/steuerberater-laubengaier.de\/ro\/factura-electronica\/","title":{"rendered":"Factura electronic\u0103"},"content":{"rendered":"\t\t<div data-elementor-type=\"wp-page\" data-elementor-id=\"1940\" class=\"elementor elementor-1940 elementor-642\" data-elementor-post-type=\"page\">\n\t\t\t\t<div class=\"elementor-element elementor-element-dd5d4cc e-con-full e-flex e-con e-parent\" data-id=\"dd5d4cc\" data-element_type=\"container\" data-e-type=\"container\" data-settings=\"{&quot;background_background&quot;:&quot;slideshow&quot;,&quot;background_slideshow_gallery&quot;:[{&quot;id&quot;:1945,&quot;url&quot;:&quot;https:\\\/\\\/steuerberater-laubengaier.de\\\/wp-content\\\/uploads\\\/2025\\\/10\\\/mol_aktuelles.jpg&quot;}],&quot;background_slideshow_loop&quot;:&quot;yes&quot;,&quot;background_slideshow_slide_duration&quot;:5000,&quot;background_slideshow_slide_transition&quot;:&quot;fade&quot;,&quot;background_slideshow_transition_duration&quot;:500}\">\n\t\t<div class=\"elementor-element elementor-element-43c1e48 e-grid e-con-full e-con e-child\" data-id=\"43c1e48\" data-element_type=\"container\" data-e-type=\"container\" data-settings=\"{&quot;background_background&quot;:&quot;classic&quot;}\">\n\t\t\t\t<div class=\"elementor-element elementor-element-885f247 elementor-widget elementor-widget-text-editor\" data-id=\"885f247\" data-element_type=\"widget\" data-e-type=\"widget\" data-widget_type=\"text-editor.default\">\n\t\t\t\t\t\t\t\t\tCe se schimb\u0103 \u00eencep\u00e2nd cu 01.01.2025\t\t\t\t\t\t\t\t<\/div>\n\t\t\t\t<div class=\"elementor-element elementor-element-316ff5f elementor-widget elementor-widget-heading\" data-id=\"316ff5f\" data-element_type=\"widget\" data-e-type=\"widget\" data-widget_type=\"heading.default\">\n\t\t\t\t\t<h2 class=\"elementor-heading-title elementor-size-default\">Factura electronic\u0103 2025<\/h2>\t\t\t\t<\/div>\n\t\t\t\t<\/div>\n\t\t\t\t<\/div>\n\t\t<div class=\"elementor-element elementor-element-5a2af41 e-con-full e-flex e-con e-parent\" data-id=\"5a2af41\" data-element_type=\"container\" data-e-type=\"container\">\n\t\t\t\t<div class=\"elementor-element elementor-element-bb3aaed elementor-widget elementor-widget-heading\" data-id=\"bb3aaed\" data-element_type=\"widget\" data-e-type=\"widget\" data-widget_type=\"heading.default\">\n\t\t\t\t\t<h2 class=\"elementor-heading-title elementor-size-default\">Viitorul factur\u0103rii: Factura electronic\u0103<\/h2>\t\t\t\t<\/div>\n\t\t\t\t<div class=\"elementor-element elementor-element-2187897 elementor-widget elementor-widget-text-editor\" data-id=\"2187897\" data-element_type=\"widget\" data-e-type=\"widget\" data-widget_type=\"text-editor.default\">\n\t\t\t\t\t\t\t\t\t<p><strong>\u00cencep\u00e2nd cu 01.01.2025<\/strong>, factura electronic\u0103 devine obligatorie \u00een Germania pentru companiile pl\u0103titoare de TVA. Aceast\u0103 cerin\u021b\u0103 legal\u0103 are ca scop promovarea digitaliz\u0103rii \u00een economie, simplificarea proceselor \u0219i cre\u0219terea transparen\u021bei \u00een tranzac\u021biile financiare. Accentul nu se pune doar pe eficien\u021b\u0103, ci \u0219i pe contribu\u021bia la practici durabile prin reducerea consumului de h\u00e2rtie.<\/p><p>\u00cencep\u00e2nd cu 01.01.2025, companiile nu trebuie \u00eenc\u0103 s\u0103 genereze facturi de ie\u0219ire ca \u201efacturi electronice\u201d, ci doar s\u0103 poat\u0103 primi facturi electronice; exist\u0103 o perioad\u0103 de tranzi\u021bie p\u00e2n\u0103 la 31.12.2026, respectiv 2027, p\u00e2n\u0103 la obliga\u021bia de a crea facturi electronice.<\/p><p>Introducerea facturii electronice este o piatr\u0103 de hotar \u00een modernizarea tranzac\u021biilor comerciale. Aceasta faciliteaz\u0103 standardizarea schimbului electronic de facturi \u0219i promoveaz\u0103 tranzi\u021bia c\u0103tre o pia\u021b\u0103 intern\u0103 complet digital\u0103. Companiile beneficiaz\u0103 de un schimb de date mai rapid \u0219i de o povar\u0103 administrativ\u0103 mai mic\u0103 \u2013 o situa\u021bie avantajoas\u0103 at\u00e2t pentru economie, c\u00e2t \u0219i pentru mediu.<\/p>\t\t\t\t\t\t\t\t<\/div>\n\t\t\t\t<div class=\"elementor-element elementor-element-7130fee elementor-widget elementor-widget-heading\" data-id=\"7130fee\" data-element_type=\"widget\" data-e-type=\"widget\" data-widget_type=\"heading.default\">\n\t\t\t\t\t<h2 class=\"elementor-heading-title elementor-size-default\">Avantajele facturii electronice, dintr-o privire<\/h2>\t\t\t\t<\/div>\n\t\t\t\t<div class=\"elementor-element elementor-element-db9e26f elementor-icon-list--layout-traditional elementor-list-item-link-full_width elementor-widget elementor-widget-icon-list\" data-id=\"db9e26f\" data-element_type=\"widget\" data-e-type=\"widget\" data-widget_type=\"icon-list.default\">\n\t\t\t\t\t\t\t<ul class=\"elementor-icon-list-items\">\n\t\t\t\t\t\t\t<li class=\"elementor-icon-list-item\">\n\t\t\t\t\t\t\t\t\t\t\t<span class=\"elementor-icon-list-icon\">\n\t\t\t\t\t\t\t<svg aria-hidden=\"true\" class=\"e-font-icon-svg e-fas-square-full\" viewBox=\"0 0 512 512\" xmlns=\"http:\/\/www.w3.org\/2000\/svg\"><path d=\"M512 512H0V0h512v512z\"><\/path><\/svg>\t\t\t\t\t\t<\/span>\n\t\t\t\t\t\t\t\t\t\t<span class=\"elementor-icon-list-text\"><b>Mai mult\u0103 eficien\u021b\u0103:<\/b> Facturile electronice pot fi create, trimise \u0219i procesate cu u\u0219urin\u021b\u0103, economisind astfel timp \u0219i resurse.<\/span>\n\t\t\t\t\t\t\t\t\t<\/li>\n\t\t\t\t\t\t\t\t<li class=\"elementor-icon-list-item\">\n\t\t\t\t\t\t\t\t\t\t\t<span class=\"elementor-icon-list-icon\">\n\t\t\t\t\t\t\t<svg aria-hidden=\"true\" class=\"e-font-icon-svg e-fas-square-full\" viewBox=\"0 0 512 512\" xmlns=\"http:\/\/www.w3.org\/2000\/svg\"><path d=\"M512 512H0V0h512v512z\"><\/path><\/svg>\t\t\t\t\t\t<\/span>\n\t\t\t\t\t\t\t\t\t\t<span class=\"elementor-icon-list-text\"><b>Costuri mai mici:<\/b> Renun\u021barea la h\u00e2rtie, imprimare \u0219i timbre reduce \u0219i mai mult cheltuielile.<\/span>\n\t\t\t\t\t\t\t\t\t<\/li>\n\t\t\t\t\t\t\t\t<li class=\"elementor-icon-list-item\">\n\t\t\t\t\t\t\t\t\t\t\t<span class=\"elementor-icon-list-icon\">\n\t\t\t\t\t\t\t<svg aria-hidden=\"true\" class=\"e-font-icon-svg e-fas-square-full\" viewBox=\"0 0 512 512\" xmlns=\"http:\/\/www.w3.org\/2000\/svg\"><path d=\"M512 512H0V0h512v512z\"><\/path><\/svg>\t\t\t\t\t\t<\/span>\n\t\t\t\t\t\t\t\t\t\t<span class=\"elementor-icon-list-text\"><b>Sustenabilitate:<\/b> Trecerea la procese digitale protejeaz\u0103 mediul \u0219i sprijin\u0103 obiectivele dumneavoastr\u0103 de afaceri durabile.<\/span>\n\t\t\t\t\t\t\t\t\t<\/li>\n\t\t\t\t\t\t\t\t<li class=\"elementor-icon-list-item\">\n\t\t\t\t\t\t\t\t\t\t\t<span class=\"elementor-icon-list-icon\">\n\t\t\t\t\t\t\t<svg aria-hidden=\"true\" class=\"e-font-icon-svg e-fas-square-full\" viewBox=\"0 0 512 512\" xmlns=\"http:\/\/www.w3.org\/2000\/svg\"><path d=\"M512 512H0V0h512v512z\"><\/path><\/svg>\t\t\t\t\t\t<\/span>\n\t\t\t\t\t\t\t\t\t\t<span class=\"elementor-icon-list-text\"><b>Siguran\u021b\u0103 sporit\u0103:<b> Documentele electronice sunt mai u\u0219or de securizat, arhivat \u0219i protejat \u00eempotriva pierderii.<\/span>\n\t\t\t\t\t\t\t\t\t<\/li>\n\t\t\t\t\t\t<\/ul>\n\t\t\t\t\t\t<\/div>\n\t\t\t\t<div class=\"elementor-element elementor-element-3207ecf elementor-widget elementor-widget-text-editor\" data-id=\"3207ecf\" data-element_type=\"widget\" data-e-type=\"widget\" data-widget_type=\"text-editor.default\">\n\t\t\t\t\t\t\t\t\t<strong>Dac\u0103 ave\u021bi \u00eentreb\u0103ri suplimentare, nu ezita\u021bi s\u0103 ne contacta\u021bi sau s\u0103 utiliza\u021bi \u00eentreb\u0103rile frecvente ale BMF pe aceast\u0103 tem\u0103:<\/strong><\/br><\/br>\n\n<a href=\"https:\/\/www.bundesfinanzministerium.de\/Content\/DE\/FAQ\/e-rechnung.html\" target=\"_blank\" rel=\"noopener\">https:\/\/www.bundesfinanzministerium.de\/Content\/DE\/FAQ\/e-rechnung.html<\/a>\t\t\t\t\t\t\t\t<\/div>\n\t\t\t\t<div class=\"elementor-element elementor-element-d0f17d7 elementor-widget elementor-widget-heading\" data-id=\"d0f17d7\" data-element_type=\"widget\" data-e-type=\"widget\" data-widget_type=\"heading.default\">\n\t\t\t\t\t<h2 class=\"elementor-heading-title elementor-size-default\">Oferta noastr\u0103: De la conversie p\u00e2n\u0103 la operare<\/h2>\t\t\t\t<\/div>\n\t\t\t\t<div class=\"elementor-element elementor-element-e514979 elementor-widget elementor-widget-text-editor\" data-id=\"e514979\" data-element_type=\"widget\" data-e-type=\"widget\" data-widget_type=\"text-editor.default\">\n\t\t\t\t\t\t\t\t\tV\u0103 \u00eenso\u021bim pas cu pas \u00een implementarea facturii electronice \u0219i ne asigur\u0103m c\u0103 firma dumneavoastr\u0103 este preg\u0103tit\u0103 \u00een mod optim.<\/br><\/br>\nServiciul nostru include:\n\t\t\t\t\t\t\t\t<\/div>\n\t\t\t\t<div class=\"elementor-element elementor-element-52f0dc3 elementor-icon-list--layout-traditional elementor-list-item-link-full_width elementor-widget elementor-widget-icon-list\" data-id=\"52f0dc3\" data-element_type=\"widget\" data-e-type=\"widget\" data-widget_type=\"icon-list.default\">\n\t\t\t\t\t\t\t<ul class=\"elementor-icon-list-items\">\n\t\t\t\t\t\t\t<li class=\"elementor-icon-list-item\">\n\t\t\t\t\t\t\t\t\t\t\t<span class=\"elementor-icon-list-icon\">\n\t\t\t\t\t\t\t<svg aria-hidden=\"true\" class=\"e-font-icon-svg e-fas-square-full\" viewBox=\"0 0 512 512\" xmlns=\"http:\/\/www.w3.org\/2000\/svg\"><path d=\"M512 512H0V0h512v512z\"><\/path><\/svg>\t\t\t\t\t\t<\/span>\n\t\t\t\t\t\t\t\t\t\t<span class=\"elementor-icon-list-text\">Analiza proceselor dumneavoastr\u0103 existente de creare a facturilor<\/span>\n\t\t\t\t\t\t\t\t\t<\/li>\n\t\t\t\t\t\t\t\t<li class=\"elementor-icon-list-item\">\n\t\t\t\t\t\t\t\t\t\t\t<span class=\"elementor-icon-list-icon\">\n\t\t\t\t\t\t\t<svg aria-hidden=\"true\" class=\"e-font-icon-svg e-fas-square-full\" viewBox=\"0 0 512 512\" xmlns=\"http:\/\/www.w3.org\/2000\/svg\"><path d=\"M512 512H0V0h512v512z\"><\/path><\/svg>\t\t\t\t\t\t<\/span>\n\t\t\t\t\t\t\t\t\t\t<span class=\"elementor-icon-list-text\">Consultan\u021b\u0103 \u0219i asisten\u021b\u0103 \u00een integrarea organiza\u021bional\u0103 a facturilor electronice de intrare \u0219i de ie\u0219ire<\/span>\n\t\t\t\t\t\t\t\t\t<\/li>\n\t\t\t\t\t\t\t\t<li class=\"elementor-icon-list-item\">\n\t\t\t\t\t\t\t\t\t\t\t<span class=\"elementor-icon-list-icon\">\n\t\t\t\t\t\t\t<svg aria-hidden=\"true\" class=\"e-font-icon-svg e-fas-square-full\" viewBox=\"0 0 512 512\" xmlns=\"http:\/\/www.w3.org\/2000\/svg\"><path d=\"M512 512H0V0h512v512z\"><\/path><\/svg>\t\t\t\t\t\t<\/span>\n\t\t\t\t\t\t\t\t\t\t<span class=\"elementor-icon-list-text\">Integrare tehnic\u0103 \u0219i conectare la cloud \u0219i\/sau la sistemul de contabilitate al DATEV eG<\/span>\n\t\t\t\t\t\t\t\t\t<\/li>\n\t\t\t\t\t\t\t\t<li class=\"elementor-icon-list-item\">\n\t\t\t\t\t\t\t\t\t\t\t<span class=\"elementor-icon-list-icon\">\n\t\t\t\t\t\t\t<svg aria-hidden=\"true\" class=\"e-font-icon-svg e-fas-square-full\" viewBox=\"0 0 512 512\" xmlns=\"http:\/\/www.w3.org\/2000\/svg\"><path d=\"M512 512H0V0h512v512z\"><\/path><\/svg>\t\t\t\t\t\t<\/span>\n\t\t\t\t\t\t\t\t\t\t<span class=\"elementor-icon-list-text\">Instruirea angaja\u021bilor dumneavoastr\u0103<\/span>\n\t\t\t\t\t\t\t\t\t<\/li>\n\t\t\t\t\t\t<\/ul>\n\t\t\t\t\t\t<\/div>\n\t\t\t\t<\/div>\n\t\t\t\t<\/div>\n\t\t","protected":false},"excerpt":{"rendered":"<p>Ce se schimb\u0103 \u00eencep\u00e2nd cu 01.01.2025 Factura electronic\u0103 2025 Viitorul factur\u0103rii: Factura electronic\u0103 \u00cencep\u00e2nd cu 01.01.2025, factura electronic\u0103 devine obligatorie [&hellip;]<\/p>\n","protected":false},"author":1,"featured_media":0,"parent":0,"menu_order":0,"comment_status":"closed","ping_status":"closed","template":"elementor_header_footer","meta":{"site-sidebar-layout":"no-sidebar","site-content-layout":"","ast-site-content-layout":"full-width-container","site-content-style":"default","site-sidebar-style":"default","ast-global-header-display":"","ast-banner-title-visibility":"","ast-main-header-display":"","ast-hfb-above-header-display":"","ast-hfb-below-header-display":"","ast-hfb-mobile-header-display":"","site-post-title":"","ast-breadcrumbs-content":"","ast-featured-img":"disabled","footer-sml-layout":"","ast-disable-related-posts":"","theme-transparent-header-meta":"","adv-header-id-meta":"","stick-header-meta":"","header-above-stick-meta":"","header-main-stick-meta":"","header-below-stick-meta":"","astra-migrate-meta-layouts":"default","ast-page-background-enabled":"default","ast-page-background-meta":{"desktop":{"background-color":"var(--ast-global-color-5)","background-image":"","background-repeat":"repeat","background-position":"center center","background-size":"auto","background-attachment":"scroll","background-type":"","background-media":"","overlay-type":"","overlay-color":"","overlay-opacity":"","overlay-gradient":""},"tablet":{"background-color":"","background-image":"","background-repeat":"repeat","background-position":"center center","background-size":"auto","background-attachment":"scroll","background-type":"","background-media":"","overlay-type":"","overlay-color":"","overlay-opacity":"","overlay-gradient":""},"mobile":{"background-color":"","background-image":"","background-repeat":"repeat","background-position":"center center","background-size":"auto","background-attachment":"scroll","background-type":"","background-media":"","overlay-type":"","overlay-color":"","overlay-opacity":"","overlay-gradient":""}},"ast-content-background-meta":{"desktop":{"background-color":"var(--ast-global-color-4)","background-image":"","background-repeat":"repeat","background-position":"center center","background-size":"auto","background-attachment":"scroll","background-type":"","background-media":"","overlay-type":"","overlay-color":"","overlay-opacity":"","overlay-gradient":""},"tablet":{"background-color":"var(--ast-global-color-4)","background-image":"","background-repeat":"repeat","background-position":"center center","background-size":"auto","background-attachment":"scroll","background-type":"","background-media":"","overlay-type":"","overlay-color":"","overlay-opacity":"","overlay-gradient":""},"mobile":{"background-color":"var(--ast-global-color-4)","background-image":"","background-repeat":"repeat","background-position":"center center","background-size":"auto","background-attachment":"scroll","background-type":"","background-media":"","overlay-type":"","overlay-color":"","overlay-opacity":"","overlay-gradient":""}},"footnotes":""},"class_list":["post-1940","page","type-page","status-publish","hentry"],"yoast_head":"<!-- This site is optimized with the Yoast SEO plugin v27.4 - https:\/\/yoast.com\/product\/yoast-seo-wordpress\/ -->\n<title>Factura electronic\u0103 &#187; Laubengaier Klein Partnerschaft mbB<\/title>\n<meta name=\"robots\" content=\"index, follow, max-snippet:-1, max-image-preview:large, max-video-preview:-1\" \/>\n<link rel=\"canonical\" href=\"https:\/\/steuerberater-laubengaier.de\/ro\/factura-electronica\/\" \/>\n<meta property=\"og:locale\" content=\"ro_RO\" \/>\n<meta property=\"og:type\" content=\"article\" \/>\n<meta property=\"og:title\" content=\"Factura electronic\u0103 &#187; Laubengaier Klein Partnerschaft mbB\" \/>\n<meta property=\"og:description\" content=\"Ce se schimb\u0103 \u00eencep\u00e2nd cu 01.01.2025 Factura electronic\u0103 2025 Viitorul factur\u0103rii: Factura electronic\u0103 \u00cencep\u00e2nd cu 01.01.2025, factura electronic\u0103 devine obligatorie [&hellip;]\" \/>\n<meta property=\"og:url\" content=\"https:\/\/steuerberater-laubengaier.de\/ro\/factura-electronica\/\" \/>\n<meta property=\"og:site_name\" content=\"Laubengaier Klein Partnerschaft mbB\" \/>\n<meta property=\"article:modified_time\" content=\"2025-11-18T18:25:07+00:00\" \/>\n<meta name=\"twitter:card\" content=\"summary_large_image\" \/>\n<meta name=\"twitter:label1\" content=\"Timp estimat pentru citire\" \/>\n\t<meta name=\"twitter:data1\" content=\"2 minute\" \/>\n<script type=\"application\/ld+json\" class=\"yoast-schema-graph\">{\"@context\":\"https:\\\/\\\/schema.org\",\"@graph\":[{\"@type\":\"WebPage\",\"@id\":\"https:\\\/\\\/steuerberater-laubengaier.de\\\/ro\\\/factura-electronica\\\/\",\"url\":\"https:\\\/\\\/steuerberater-laubengaier.de\\\/ro\\\/factura-electronica\\\/\",\"name\":\"Factura electronic\u0103 &#187; Laubengaier Klein Partnerschaft mbB\",\"isPartOf\":{\"@id\":\"https:\\\/\\\/steuerberater-laubengaier.de\\\/ro\\\/#website\"},\"datePublished\":\"2025-10-18T20:19:46+00:00\",\"dateModified\":\"2025-11-18T18:25:07+00:00\",\"breadcrumb\":{\"@id\":\"https:\\\/\\\/steuerberater-laubengaier.de\\\/ro\\\/factura-electronica\\\/#breadcrumb\"},\"inLanguage\":\"ro-RO\",\"potentialAction\":[{\"@type\":\"ReadAction\",\"target\":[\"https:\\\/\\\/steuerberater-laubengaier.de\\\/ro\\\/factura-electronica\\\/\"]}]},{\"@type\":\"BreadcrumbList\",\"@id\":\"https:\\\/\\\/steuerberater-laubengaier.de\\\/ro\\\/factura-electronica\\\/#breadcrumb\",\"itemListElement\":[{\"@type\":\"ListItem\",\"position\":1,\"name\":\"Startseite\",\"item\":\"https:\\\/\\\/steuerberater-laubengaier.de\\\/ro\\\/\"},{\"@type\":\"ListItem\",\"position\":2,\"name\":\"Factura electronic\u0103\"}]},{\"@type\":\"WebSite\",\"@id\":\"https:\\\/\\\/steuerberater-laubengaier.de\\\/ro\\\/#website\",\"url\":\"https:\\\/\\\/steuerberater-laubengaier.de\\\/ro\\\/\",\"name\":\"Laubengaier Klein Partnerschaft mbB\",\"description\":\"\",\"publisher\":{\"@id\":\"https:\\\/\\\/steuerberater-laubengaier.de\\\/ro\\\/#organization\"},\"potentialAction\":[{\"@type\":\"SearchAction\",\"target\":{\"@type\":\"EntryPoint\",\"urlTemplate\":\"https:\\\/\\\/steuerberater-laubengaier.de\\\/ro\\\/?s={search_term_string}\"},\"query-input\":{\"@type\":\"PropertyValueSpecification\",\"valueRequired\":true,\"valueName\":\"search_term_string\"}}],\"inLanguage\":\"ro-RO\"},{\"@type\":\"Organization\",\"@id\":\"https:\\\/\\\/steuerberater-laubengaier.de\\\/ro\\\/#organization\",\"name\":\"Laubengaier Klein Partnerschaft mbB\",\"url\":\"https:\\\/\\\/steuerberater-laubengaier.de\\\/ro\\\/\",\"logo\":{\"@type\":\"ImageObject\",\"inLanguage\":\"ro-RO\",\"@id\":\"https:\\\/\\\/steuerberater-laubengaier.de\\\/ro\\\/#\\\/schema\\\/logo\\\/image\\\/\",\"url\":\"https:\\\/\\\/steuerberater-laubengaier.de\\\/wp-content\\\/uploads\\\/2025\\\/10\\\/cropped-mol_logo-1.webp\",\"contentUrl\":\"https:\\\/\\\/steuerberater-laubengaier.de\\\/wp-content\\\/uploads\\\/2025\\\/10\\\/cropped-mol_logo-1.webp\",\"width\":1918,\"height\":1706,\"caption\":\"Laubengaier Klein Partnerschaft mbB\"},\"image\":{\"@id\":\"https:\\\/\\\/steuerberater-laubengaier.de\\\/ro\\\/#\\\/schema\\\/logo\\\/image\\\/\"}}]}<\/script>\n<!-- \/ Yoast SEO plugin. -->","yoast_head_json":{"title":"Factura electronic\u0103 &#187; Laubengaier Klein Partnerschaft mbB","robots":{"index":"index","follow":"follow","max-snippet":"max-snippet:-1","max-image-preview":"max-image-preview:large","max-video-preview":"max-video-preview:-1"},"canonical":"https:\/\/steuerberater-laubengaier.de\/ro\/factura-electronica\/","og_locale":"ro_RO","og_type":"article","og_title":"Factura electronic\u0103 &#187; Laubengaier Klein Partnerschaft mbB","og_description":"Ce se schimb\u0103 \u00eencep\u00e2nd cu 01.01.2025 Factura electronic\u0103 2025 Viitorul factur\u0103rii: Factura electronic\u0103 \u00cencep\u00e2nd cu 01.01.2025, factura electronic\u0103 devine obligatorie [&hellip;]","og_url":"https:\/\/steuerberater-laubengaier.de\/ro\/factura-electronica\/","og_site_name":"Laubengaier Klein Partnerschaft mbB","article_modified_time":"2025-11-18T18:25:07+00:00","twitter_card":"summary_large_image","twitter_misc":{"Timp estimat pentru citire":"2 minute"},"schema":{"@context":"https:\/\/schema.org","@graph":[{"@type":"WebPage","@id":"https:\/\/steuerberater-laubengaier.de\/ro\/factura-electronica\/","url":"https:\/\/steuerberater-laubengaier.de\/ro\/factura-electronica\/","name":"Factura electronic\u0103 &#187; Laubengaier Klein Partnerschaft mbB","isPartOf":{"@id":"https:\/\/steuerberater-laubengaier.de\/ro\/#website"},"datePublished":"2025-10-18T20:19:46+00:00","dateModified":"2025-11-18T18:25:07+00:00","breadcrumb":{"@id":"https:\/\/steuerberater-laubengaier.de\/ro\/factura-electronica\/#breadcrumb"},"inLanguage":"ro-RO","potentialAction":[{"@type":"ReadAction","target":["https:\/\/steuerberater-laubengaier.de\/ro\/factura-electronica\/"]}]},{"@type":"BreadcrumbList","@id":"https:\/\/steuerberater-laubengaier.de\/ro\/factura-electronica\/#breadcrumb","itemListElement":[{"@type":"ListItem","position":1,"name":"Startseite","item":"https:\/\/steuerberater-laubengaier.de\/ro\/"},{"@type":"ListItem","position":2,"name":"Factura electronic\u0103"}]},{"@type":"WebSite","@id":"https:\/\/steuerberater-laubengaier.de\/ro\/#website","url":"https:\/\/steuerberater-laubengaier.de\/ro\/","name":"Laubengaier Klein Partnerschaft mbB","description":"","publisher":{"@id":"https:\/\/steuerberater-laubengaier.de\/ro\/#organization"},"potentialAction":[{"@type":"SearchAction","target":{"@type":"EntryPoint","urlTemplate":"https:\/\/steuerberater-laubengaier.de\/ro\/?s={search_term_string}"},"query-input":{"@type":"PropertyValueSpecification","valueRequired":true,"valueName":"search_term_string"}}],"inLanguage":"ro-RO"},{"@type":"Organization","@id":"https:\/\/steuerberater-laubengaier.de\/ro\/#organization","name":"Laubengaier Klein Partnerschaft mbB","url":"https:\/\/steuerberater-laubengaier.de\/ro\/","logo":{"@type":"ImageObject","inLanguage":"ro-RO","@id":"https:\/\/steuerberater-laubengaier.de\/ro\/#\/schema\/logo\/image\/","url":"https:\/\/steuerberater-laubengaier.de\/wp-content\/uploads\/2025\/10\/cropped-mol_logo-1.webp","contentUrl":"https:\/\/steuerberater-laubengaier.de\/wp-content\/uploads\/2025\/10\/cropped-mol_logo-1.webp","width":1918,"height":1706,"caption":"Laubengaier Klein Partnerschaft mbB"},"image":{"@id":"https:\/\/steuerberater-laubengaier.de\/ro\/#\/schema\/logo\/image\/"}}]}},"_links":{"self":[{"href":"https:\/\/steuerberater-laubengaier.de\/ro\/wp-json\/wp\/v2\/pages\/1940","targetHints":{"allow":["GET"]}}],"collection":[{"href":"https:\/\/steuerberater-laubengaier.de\/ro\/wp-json\/wp\/v2\/pages"}],"about":[{"href":"https:\/\/steuerberater-laubengaier.de\/ro\/wp-json\/wp\/v2\/types\/page"}],"author":[{"embeddable":true,"href":"https:\/\/steuerberater-laubengaier.de\/ro\/wp-json\/wp\/v2\/users\/1"}],"replies":[{"embeddable":true,"href":"https:\/\/steuerberater-laubengaier.de\/ro\/wp-json\/wp\/v2\/comments?post=1940"}],"version-history":[{"count":2,"href":"https:\/\/steuerberater-laubengaier.de\/ro\/wp-json\/wp\/v2\/pages\/1940\/revisions"}],"predecessor-version":[{"id":2149,"href":"https:\/\/steuerberater-laubengaier.de\/ro\/wp-json\/wp\/v2\/pages\/1940\/revisions\/2149"}],"wp:attachment":[{"href":"https:\/\/steuerberater-laubengaier.de\/ro\/wp-json\/wp\/v2\/media?parent=1940"}],"curies":[{"name":"wp","href":"https:\/\/api.w.org\/{rel}","templated":true}]}}